{"id":9395,"date":"2016-12-01T12:51:53","date_gmt":"2016-12-01T10:51:53","guid":{"rendered":"http:\/\/www.allspots.com\/jo\/events\/?post_type=tribe_events&#038;p=9395"},"modified":"2016-12-01T12:54:51","modified_gmt":"2016-12-01T10:54:51","slug":"conference-ifpo-graffiti-arabes-du-debut-de-lislam-institut-francais-de-jordanie","status":"publish","type":"tribe_events","link":"https:\/\/www.allspots.com\/jo\/events\/calendar\/conference-ifpo-graffiti-arabes-du-debut-de-lislam-institut-francais-de-jordanie\/","title":{"rendered":"Conf\u00e9rence IFPO &#8220;Graffiti arabes du d\u00e9but de l&#8217;islam&#8221; @ Institut Fran\u00e7ais de Jordanie"},"content":{"rendered":"<p style=\"text-align: center;\"><strong>Conf\u00e9rence IFPO &#8220;Graffiti arabes du d\u00e9but de l&#8217;islam&#8221; @ Institut Fran\u00e7ais de Jordanie<\/strong><br \/>\n<strong>Tuesday, December 6 at 6 PM &#8211; 7 PM<\/strong><br \/>\nMardi 6 d\u00e9cembre \u00e0 18h<br \/>\nEn fran\u00e7ais \u00e0 l&#8217;Institut fran\u00e7ais<br \/>\nL&#8217;Institut fran\u00e7ais du Proche Orient organise une conf\u00e9rence sur le th\u00e8me des graffiti arabes du d\u00e9but de l&#8217;Islam en Jordanie et en Arabie, pr\u00e9sent\u00e9e par Fr\u00e9d\u00e9ric Imbert, Directeur du D\u00e9partement des Etudes Arabes, M\u00e9di\u00e9vales et Modernes de l&#8217;IFPO.<br \/>\nLes prospections \u00e9pigraphiques men\u00e9es dans les zones d\u00e9sertiques et steppiques de la Jordanie et de l\u2019Arabie Saoudite ont permis de d\u00e9couvrir, ces derni\u00e8res ann\u00e9es, un grand nombre de graffiti arabes in\u00e9dits datant des premiers si\u00e8cles de l\u2019H\u00e9gire (VIIe \u2013 VIIIe si\u00e8cles). Ces textes originaux permettent d\u2019apporter un \u00e9clairage nouveau sur des questions fondamentales en relation avec l\u2019\u00e9criture, les croyances, la foi, mais aussi la langue arabe \u00e0 l\u2019aube de l\u2019Islam.<br \/>\nEntr\u00e9e libre<\/p>\n","protected":false},"excerpt":{"rendered":"<p>Conf\u00e9rence IFPO &#8220;Graffiti arabes du d\u00e9but de l&#8217;islam&#8221; @ Institut Fran\u00e7ais de Jordanie Tuesday, December 6 at 6 PM &#8211; 7 PM Mardi 6 d\u00e9cembre \u00e0 18h En fran\u00e7ais \u00e0 l&#8217;Institut fran\u00e7ais L&#8217;Institut fran\u00e7ais du Proche Orient organise une conf\u00e9rence &hellip;<\/p>\n<p class=\"read-more\"> <a class=\"more-link\" href=\"https:\/\/www.allspots.com\/jo\/events\/calendar\/conference-ifpo-graffiti-arabes-du-debut-de-lislam-institut-francais-de-jordanie\/\"> <span class=\"screen-reader-text\">Conf\u00e9rence IFPO &#8220;Graffiti arabes du d\u00e9but de l&#8217;islam&#8221; @ Institut Fran\u00e7ais de Jordanie<\/span> Read More &raquo;<\/a><\/p>\n","protected":false},"author":2,"featured_media":9406,"comment_status":"open","ping_status":"closed","template":"","meta":[],"tags":[],"tribe_events_cat":[40,38],"_links":{"self":[{"href":"https:\/\/www.allspots.com\/jo\/events\/wp-json\/wp\/v2\/tribe_events\/9395"}],"collection":[{"href":"https:\/\/www.allspots.com\/jo\/events\/wp-json\/wp\/v2\/tribe_events"}],"about":[{"href":"https:\/\/www.allspots.com\/jo\/events\/wp-json\/wp\/v2\/types\/tribe_events"}],"author":[{"embeddable":true,"href":"https:\/\/www.allspots.com\/jo\/events\/wp-json\/wp\/v2\/users\/2"}],"replies":[{"embeddable":true,"href":"https:\/\/www.allspots.com\/jo\/events\/wp-json\/wp\/v2\/comments?post=9395"}],"version-history":[{"count":2,"href":"https:\/\/www.allspots.com\/jo\/events\/wp-json\/wp\/v2\/tribe_events\/9395\/revisions"}],"predecessor-version":[{"id":9403,"href":"https:\/\/www.allspots.com\/jo\/events\/wp-json\/wp\/v2\/tribe_events\/9395\/revisions\/9403"}],"wp:featuredmedia":[{"embeddable":true,"href":"https:\/\/www.allspots.com\/jo\/events\/wp-json\/wp\/v2\/media\/9406"}],"wp:attachment":[{"href":"https:\/\/www.allspots.com\/jo\/events\/wp-json\/wp\/v2\/media?parent=9395"}],"wp:term":[{"taxonomy":"post_tag","embeddable":true,"href":"https:\/\/www.allspots.com\/jo\/events\/wp-json\/wp\/v2\/tags?post=9395"},{"taxonomy":"tribe_events_cat","embeddable":true,"href":"https:\/\/www.allspots.com\/jo\/events\/wp-json\/wp\/v2\/tribe_events_cat?post=9395"}],"curies":[{"name":"wp","href":"https:\/\/api.w.org\/{rel}","templated":true}]}}