{"id":6809,"date":"2016-11-09T19:05:17","date_gmt":"2016-11-09T17:05:17","guid":{"rendered":"http:\/\/www.allspots.com\/jo\/events\/?post_type=tribe_events&#038;p=6809"},"modified":"2016-11-09T19:05:17","modified_gmt":"2016-11-09T17:05:17","slug":"conference-ifpo-khirbat-al-dusaq-%d8%ae%d8%b1%d8%a8%d8%a9-%d8%a7%d9%84%d8%b3%d9%88%d9%82-ifpo-%d9%85%d8%a4%d8%aa%d9%85%d8%b1","status":"publish","type":"tribe_events","link":"https:\/\/www.allspots.com\/jo\/events\/calendar\/conference-ifpo-khirbat-al-dusaq-%d8%ae%d8%b1%d8%a8%d8%a9-%d8%a7%d9%84%d8%b3%d9%88%d9%82-ifpo-%d9%85%d8%a4%d8%aa%d9%85%d8%b1\/","title":{"rendered":"Conf\u00e9rence IFPO &#8220;Khirbat al-Dusaq&#8221; &#8211; &#8220;\u062e\u0631\u0628\u0629 \u0627\u0644\u0633\u0648\u0642&#8221; IFPO \u0645\u0624\u062a\u0645\u0631"},"content":{"rendered":"<p>A l\u2019Institut fran\u00e7ais &#8211; En fran\u00e7ais, traduction arabe<\/p>\n<p>L\u2019Institut fran\u00e7ais du Proche Orient vous propose une conf\u00e9rence sur le site \u00e9nigmatique de Khirbat al- D\u016bsaq, dans le sud de la Jordanie. Vous pourrez ainsi d\u00e9couvrir les recherches r\u00e9alis\u00e9es depuis 2008 par Elodie Vigouroux, historienne, arch\u00e9ologue, sp\u00e9cialiste du Proche-Orient m\u00e9di\u00e9val et chercheuse \u00e0 l&#8217;IFPO Beyrouth, et ainsi comprendre l\u2019histoire et les secrets de ce merveilleux site.<\/p>\n<p>Inscription souhait\u00e9e: info@ifjordan.com<\/p>\n<p>\u0641\u064a \u0627\u0644\u0645\u0639\u0647\u062f \u0627\u0644\u0641\u0631\u0646\u0633\u064a &#8211; \u0628\u0627\u0644\u0644\u063a\u0629 \u0627\u0644\u0641\u0631\u0646\u0633\u064a\u0629 \u0648\u0645\u062a\u0631\u062c\u0645 \u0625\u0644\u0649 \u0627\u0644\u0639\u0631\u0628\u064a\u0629<\/p>\n<p>\u064a\u0639\u0642\u062f \u0627\u0644\u0645\u0639\u0647\u062f \u0627\u0644\u0641\u0631\u0646\u0633\u064a \u0644\u0644\u0634\u0631\u0642 \u0627\u0644\u0623\u062f\u0646\u0649 \u0645\u0624\u062a\u0645\u0631\u0627\u064b \u0641\u064a \u0627\u0644\u0645\u0639\u0647\u062f \u0627\u0644\u0641\u0631\u0646\u0633\u064a \u062d\u0648\u0644 \u0627\u0644\u0645\u0648\u0642\u0639 \u0627\u0644\u062a\u0627\u0631\u062e\u064a &#8220;\u062e\u0631\u0628\u0629 \u0627\u0644\u0633\u0648\u0642&#8221; \u0648\u0627\u0644\u062a\u064a \u062a\u0642\u0639 \u062c\u0646\u0648\u0628 \u0645\u062f\u064a\u0646\u0629 \u0639\u0645\u0627\u0646 \u0641\u064a \u0627\u0644\u0623\u0631\u062f\u0646. \u0625\u0646\u0647\u0627 \u0645\u0646\u0627\u0633\u0628\u0629 \u0645\u062b\u0627\u0644\u064a\u0629 \u0644\u0627\u0643\u062a\u0634\u0627\u0641 \u0628\u062d\u062b \u0625\u064a\u0644\u0648\u062f\u064a \u0641\u064a\u062c\u0648\u0631\u0648\u0643\u0633 \u0648\u0627\u0644\u0630\u064a \u0628\u062f\u0623\u062a\u0647\u064f \u0639\u0627\u0645 2008. \u0625\u064a\u0644\u0648\u062f\u064a \u0645\u062a\u062e\u0635\u0635\u0629 \u0641\u064a \u0627\u0644\u062a\u0627\u0631\u064a\u062e \u0648\u0627\u0644\u0622\u062b\u0627\u0631 \u0648\u0647\u064a \u0628\u0627\u062d\u062b\u0629 \u0641\u064a \u0627\u0644\u0645\u0639\u0647\u062f \u0627\u0644\u0641\u0631\u0646\u0633\u064a \u0644\u0644\u0634\u0631\u0642 \u0627\u0644\u0623\u062f\u0646\u0649 \u0641\u064a \u0628\u064a\u0631\u0648\u062a \u0648\u0647\u064a \u0645\u062a\u062e\u0635\u0635\u0629 \u0641\u064a \u0627\u0644\u0634\u0631\u0642 \u0627\u0644\u0623\u062f\u0646\u0649. \u0633\u062a\u0643\u062a\u0634\u0641 \u0627\u0644\u062a\u0627\u0631\u064a\u062e \u0648\u0627\u0644\u0623\u0633\u0631\u0627\u0631 \u0627\u0644\u062f\u0651\u0641\u064a\u0646\u0629 \u0644\u0647\u0630\u0627 \u0627\u0644\u0645\u0643\u0627\u0646 \u0627\u0644\u0631\u0627\u0626\u0639.<\/p>\n<p>\u0627\u0644\u062a\u0633\u062c\u064a\u0644 \u0645\u064f\u062d\u0628\u0651\u0632: info@ifjordan.com<\/p>\n","protected":false},"excerpt":{"rendered":"<p>A l\u2019Institut fran\u00e7ais &#8211; En fran\u00e7ais, traduction arabe L\u2019Institut fran\u00e7ais du Proche Orient vous propose une conf\u00e9rence sur le site \u00e9nigmatique de Khirbat al- D\u016bsaq, dans le sud de la Jordanie. Vous pourrez ainsi d\u00e9couvrir les recherches r\u00e9alis\u00e9es depuis 2008 &hellip;<\/p>\n<p class=\"read-more\"> <a class=\"more-link\" href=\"https:\/\/www.allspots.com\/jo\/events\/calendar\/conference-ifpo-khirbat-al-dusaq-%d8%ae%d8%b1%d8%a8%d8%a9-%d8%a7%d9%84%d8%b3%d9%88%d9%82-ifpo-%d9%85%d8%a4%d8%aa%d9%85%d8%b1\/\"> <span class=\"screen-reader-text\">Conf\u00e9rence IFPO &#8220;Khirbat al-Dusaq&#8221; &#8211; &#8220;\u062e\u0631\u0628\u0629 \u0627\u0644\u0633\u0648\u0642&#8221; IFPO \u0645\u0624\u062a\u0645\u0631<\/span> Read More &raquo;<\/a><\/p>\n","protected":false},"author":1,"featured_media":6812,"comment_status":"open","ping_status":"closed","template":"","meta":[],"tags":[],"tribe_events_cat":[40],"_links":{"self":[{"href":"https:\/\/www.allspots.com\/jo\/events\/wp-json\/wp\/v2\/tribe_events\/6809"}],"collection":[{"href":"https:\/\/www.allspots.com\/jo\/events\/wp-json\/wp\/v2\/tribe_events"}],"about":[{"href":"https:\/\/www.allspots.com\/jo\/events\/wp-json\/wp\/v2\/types\/tribe_events"}],"author":[{"embeddable":true,"href":"https:\/\/www.allspots.com\/jo\/events\/wp-json\/wp\/v2\/users\/1"}],"replies":[{"embeddable":true,"href":"https:\/\/www.allspots.com\/jo\/events\/wp-json\/wp\/v2\/comments?post=6809"}],"version-history":[{"count":1,"href":"https:\/\/www.allspots.com\/jo\/events\/wp-json\/wp\/v2\/tribe_events\/6809\/revisions"}],"predecessor-version":[{"id":6813,"href":"https:\/\/www.allspots.com\/jo\/events\/wp-json\/wp\/v2\/tribe_events\/6809\/revisions\/6813"}],"wp:featuredmedia":[{"embeddable":true,"href":"https:\/\/www.allspots.com\/jo\/events\/wp-json\/wp\/v2\/media\/6812"}],"wp:attachment":[{"href":"https:\/\/www.allspots.com\/jo\/events\/wp-json\/wp\/v2\/media?parent=6809"}],"wp:term":[{"taxonomy":"post_tag","embeddable":true,"href":"https:\/\/www.allspots.com\/jo\/events\/wp-json\/wp\/v2\/tags?post=6809"},{"taxonomy":"tribe_events_cat","embeddable":true,"href":"https:\/\/www.allspots.com\/jo\/events\/wp-json\/wp\/v2\/tribe_events_cat?post=6809"}],"curies":[{"name":"wp","href":"https:\/\/api.w.org\/{rel}","templated":true}]}}