{"id":16560,"date":"2017-03-08T17:42:25","date_gmt":"2017-03-08T15:42:25","guid":{"rendered":"http:\/\/www.allspots.com\/jo\/events\/?post_type=tribe_events&#038;p=16560"},"modified":"2017-03-08T17:42:25","modified_gmt":"2017-03-08T15:42:25","slug":"womens-film-week-spanish-film-the-milk-of-sorrow","status":"publish","type":"tribe_events","link":"https:\/\/www.allspots.com\/jo\/events\/calendar\/womens-film-week-spanish-film-the-milk-of-sorrow\/","title":{"rendered":"Women&#8217;s Film Week. Spanish film: The Milk of Sorrow"},"content":{"rendered":"<p>S\u00e1bado, 11 de marzo, a las 18h00 en el Teatro Rainbow<br \/>\nProyecci\u00f3n: La teta asustada<br \/>\nClaudia Llosa, 95 min, Drama, Espa\u00f1a y Per\u00fa 2009 (en espa\u00f1ol con subt\u00edtulos en ingl\u00e9s)\u200e<\/p>\n<p>Fausta padece La Teta Asustada, una rara enfermedad que se transmite por la leche \u200ematerna de mujeres que fueron violadas durante la gestaci\u00f3n y la lactancia en la \u200e\u00e9poca del terrorismo. Un terror at\u00e1vico que se transmite de generaci\u00f3n en generaci\u00f3n \u200ey que Fausta sufre en forma de hemorragias nasales en momentos de crisis.<br \/>\nLa joven, adem\u00e1s, guarda un secreto que no quiere revelar hasta que la s\u00fabita muerte \u200ede su madre la obligar\u00e1 a encontrar una salida al laberinto, dentro y fuera de ella.\u200e<\/p>\n<p>\u200e&#8212;&#8212;&#8212;&#8212;&#8212;&#8212;&#8212;&#8212;&#8212;&#8212;&#8212;&#8212;&#8212;&#8212;&#8212;&#8212;&#8212;&#8212;&#8212;&#8212;&#8212;&#8212;&#8212;&#8212;&#8212;&#8212;&#8212;&#8212;&#8212;&#8212;<\/p>\n<p>Saturday, 11 March at 6:00 pm at the Rainbow Theater\u200e<br \/>\nFilm screening: The Milk of Sorrow<br \/>\nClaudia Llosa, 95 min, Narrative, Spanish with English subtitles, Spain, 2009\u200e<\/p>\n<p>Fausta suffers from a rare disease called the \u201cMilk of Sorrow\u201d, which is transmitted \u200ethrough the breast milk of pregnant women, who were abused or raped in times of \u200eterrorism in Peru, during pregnancy. While living in constant fear and confusion due to \u200ethis disease, she must face the sudden death of her mother. Fausta chooses to take \u200edrastic measures in order not to follow her mother&#8217;s footsteps.\u200e<\/p>\n<p>The film was nominated for the Oscar\u2019s Academy Awards in 2010 for Best Foreign \u200eLanguage Film of the Year. It has won over 15 awards including: The FIPRESCI Prize \u200eand Golden Berlin Bear for Competition at Berlin International Film Festival, Golden \u200ePre-Columbian Circle for Best Film at Bogota Film Festival, Golden Kikito for Latin Film \u200eCompetition &#8211; Best Film, Best Actress and Best Director at Gramado Film Festival, Best \u200eArt Direction and Grand Coral &#8211; First Prize at Havana Film Festival, Best Actress, Best \u200ePeruvian Film and CONACINE Award at Lima Latin American Film Festival and Acting \u200eAward for Best Actress and Quebec Film Critics Award for Best Film at Montr\u00e9al \u200eFestival of New Cinema.\u200e<\/p>\n<p>\u200e&#8212;&#8212;&#8212;&#8212;&#8212;&#8212;&#8212;&#8212;&#8212;&#8212;&#8212;&#8212;&#8212;&#8212;&#8212;&#8212;&#8212;&#8212;&#8212;&#8212;&#8212;&#8212;&#8212;&#8212;&#8212;&#8212;&#8212;&#8212;&#8212;&#8212;\u200e<\/p>\n<p>\u0627\u0644\u0633\u0628\u062a\u060c 11 \u0622\u0630\u0627\u0631 \u0627\u0644\u0633\u0627\u0639\u0629 6 \u0645\u0633\u0627\u0621\u064b \u0639\u0644\u0649 \u0645\u0633\u0631\u062d \u0627\u0644\u0631\u064a\u0646\u0628\u0648<br \/>\n\u0639\u0631\u0636 \u0641\u064a\u0644\u0645: \u062d\u0644\u064a\u0628 \u0627\u0644\u0623\u0633\u0649\u200f<br \/>\n\u0643\u0644\u0627\u0648\u062f\u064a\u0627 \u064a\u0648\u0633\u0627\u060c 59 \u062f\u0642\u064a\u0642\u0629\u060c \u062f\u0631\u0627\u0645\u0627\u060c \u0628\u0627\u0625\u0644\u0633\u0628\u0627\u0646\u064a\u0629 \u0645\u0639 \u062a\u0631\u062c\u0645\u0629 \u0625\u0644\u0649 \u0627\u0644\u0627\u0646\u062c\u0644\u064a\u0632\u064a\u0629\u060c \u0625\u0633\u0628\u0627\u0646\u064a\u0627 \u0648\u0628\u064a\u0631\u0648 2009\u200f<\/p>\n<p>\u062a\u0639\u0627\u0646\u064a \u0641\u0627\u0648\u0633\u062a\u0627 \u0645\u0646 \u0645\u0631\u0636 \u0646\u0627\u062f\u0631 \u064a\u0633\u0645\u0649 &#8220;\u062d\u0644\u064a\u0628 \u0627\u0644\u0623\u0633\u0649&#8221; \u0627\u0644\u0630\u064a \u064a\u0646\u062a\u0642\u0644 \u0639\u0646 \u0637\u0631\u064a\u0642 \u062d\u0644\u064a\u0628 \u0627\u0644\u0646\u0633\u0627\u0621 \u0627\u0644\u062d\u0648\u0627\u0645\u0644 \u0627\u0644\u0644\u0648\u0627\u062a\u064a \u062a\u0639\u0631\u0636\u0646 \u200f\u0644\u0644\u062a\u0639\u0630\u064a\u0628 \u0623\u0648 \u0627\u0644\u0627\u063a\u062a\u0635\u0627\u0628 \u0641\u064a \u0623\u0648\u0642\u0627\u062a \u0627\u0644\u0627\u0631\u0647\u0627\u0628 \u0641\u064a \u0628\u064a\u0631\u0648 \u0623\u062b\u0646\u0627\u0621 \u0627\u0644\u062d\u0645\u0644. \u0628\u064a\u0646\u0645\u0627 \u062a\u0639\u064a\u0634 \u0641\u0627\u0648\u0633\u062a\u0627 \u0641\u064a \u062e\u0648\u0641 \u0648\u0627\u0631\u062a\u0628\u0627\u0643 \u062f\u0627\u0626\u0645\u064a\u0646 \u0628\u0633\u0628\u0628 \u200f\u0647\u0630\u0627 \u0627\u0644\u0645\u0631\u0636\u060c \u0639\u0644\u064a\u0647\u0627 \u0645\u0648\u0627\u062c\u0647\u0629 \u0648\u0641\u0627\u0629 \u0648\u0627\u0644\u062f\u062a\u0647\u0627 \u0627\u0644\u0645\u0641\u0627\u062c\u0649\u0621\u060c \u0644\u062a\u062e\u062a\u0627\u0631 \u0627\u062a\u062e\u0627\u0630 \u062a\u062f\u0627\u0628\u064a\u0631 \u062c\u0630\u0631\u064a\u0629 \u0644\u062a\u062c\u0646\u0628 \u0627\u0644\u0633\u064a\u0631 \u0639\u0644\u0649 \u062e\u0637\u0649 \u0648\u0627\u0644\u062f\u062a\u0647\u0627.\u200f<\/p>\n","protected":false},"excerpt":{"rendered":"<p>S\u00e1bado, 11 de marzo, a las 18h00 en el Teatro Rainbow Proyecci\u00f3n: La teta asustada Claudia Llosa, 95 min, Drama, Espa\u00f1a y Per\u00fa 2009 (en espa\u00f1ol con subt\u00edtulos en ingl\u00e9s)\u200e Fausta padece La Teta Asustada, una rara enfermedad que se &hellip;<\/p>\n<p class=\"read-more\"> <a class=\"more-link\" href=\"https:\/\/www.allspots.com\/jo\/events\/calendar\/womens-film-week-spanish-film-the-milk-of-sorrow\/\"> <span class=\"screen-reader-text\">Women&#8217;s Film Week. Spanish film: The Milk of Sorrow<\/span> Read More &raquo;<\/a><\/p>\n","protected":false},"author":1,"featured_media":16561,"comment_status":"open","ping_status":"closed","template":"","meta":[],"tags":[],"tribe_events_cat":[14],"_links":{"self":[{"href":"https:\/\/www.allspots.com\/jo\/events\/wp-json\/wp\/v2\/tribe_events\/16560"}],"collection":[{"href":"https:\/\/www.allspots.com\/jo\/events\/wp-json\/wp\/v2\/tribe_events"}],"about":[{"href":"https:\/\/www.allspots.com\/jo\/events\/wp-json\/wp\/v2\/types\/tribe_events"}],"author":[{"embeddable":true,"href":"https:\/\/www.allspots.com\/jo\/events\/wp-json\/wp\/v2\/users\/1"}],"replies":[{"embeddable":true,"href":"https:\/\/www.allspots.com\/jo\/events\/wp-json\/wp\/v2\/comments?post=16560"}],"version-history":[{"count":1,"href":"https:\/\/www.allspots.com\/jo\/events\/wp-json\/wp\/v2\/tribe_events\/16560\/revisions"}],"predecessor-version":[{"id":16562,"href":"https:\/\/www.allspots.com\/jo\/events\/wp-json\/wp\/v2\/tribe_events\/16560\/revisions\/16562"}],"wp:featuredmedia":[{"embeddable":true,"href":"https:\/\/www.allspots.com\/jo\/events\/wp-json\/wp\/v2\/media\/16561"}],"wp:attachment":[{"href":"https:\/\/www.allspots.com\/jo\/events\/wp-json\/wp\/v2\/media?parent=16560"}],"wp:term":[{"taxonomy":"post_tag","embeddable":true,"href":"https:\/\/www.allspots.com\/jo\/events\/wp-json\/wp\/v2\/tags?post=16560"},{"taxonomy":"tribe_events_cat","embeddable":true,"href":"https:\/\/www.allspots.com\/jo\/events\/wp-json\/wp\/v2\/tribe_events_cat?post=16560"}],"curies":[{"name":"wp","href":"https:\/\/api.w.org\/{rel}","templated":true}]}}